{"id":1192,"date":"2026-04-10T07:23:36","date_gmt":"2026-04-10T07:23:36","guid":{"rendered":"https:\/\/zamecnictvifiala.cz\/eshop\/?post_type=product&#038;p=1192"},"modified":"2026-04-10T07:49:50","modified_gmt":"2026-04-10T07:49:50","slug":"vyvyseny-zahon-z-cortenu","status":"publish","type":"product","link":"https:\/\/zamecnictvifiala.cz\/eshop\/produkt\/vyvyseny-zahon-z-cortenu\/","title":{"rendered":"Vyv\u00fd\u0161en\u00fd z\u00e1hon z cortenu"},"content":{"rendered":"<h2 data-section-id=\"15qcort\" data-start=\"0\" data-end=\"30\">\ud83c\udf3f Vyv\u00fd\u0161en\u00fd z\u00e1hon z cortenu<\/h2>\n<p data-start=\"32\" data-end=\"239\">Modern\u00ed vyv\u00fd\u0161en\u00fd z\u00e1hon z cortenov\u00e9 oceli je ide\u00e1ln\u00edm \u0159e\u0161en\u00edm pro p\u011bstov\u00e1n\u00ed rostlin, bylinek i zeleniny. D\u00edky charakteristick\u00e9mu rezav\u00e9mu vzhledu cortenu p\u016fsob\u00ed elegantn\u011b a p\u0159irozen\u011b zapadne do ka\u017ed\u00e9 zahrady.<\/p>\n<p data-start=\"241\" data-end=\"382\">Cortenov\u00e1 ocel vytv\u00e1\u0159\u00ed na povrchu ochrannou patinu, kter\u00e1 zaji\u0161\u0165uje vysokou odolnost proti pov\u011btrnostn\u00edm vliv\u016fm a minim\u00e1ln\u00ed n\u00e1roky na \u00fadr\u017ebu.<\/p>\n<h3 data-section-id=\"o4tec7\" data-start=\"575\" data-end=\"603\">\ud83d\udee0 Materi\u00e1l a proveden\u00ed:<\/h3>\n<ul data-start=\"604\" data-end=\"782\">\n<li data-section-id=\"1nwr39v\" data-start=\"604\" data-end=\"644\">cortenov\u00e1 ocel &#8211; plech 2mm<\/li>\n<li data-section-id=\"q5n03\" data-start=\"645\" data-end=\"691\">pevn\u00e1 \u0161roubovan\u00e1 konstrukce<\/li>\n<li data-section-id=\"k9dvxg\" data-start=\"692\" data-end=\"727\">rozm\u011bry dle varianty<\/li>\n<li data-section-id=\"14xtqf6\" data-start=\"728\" data-end=\"782\">dod\u00e1n\u00ed v surov\u00e9m stavu (postupn\u00e9 vytvo\u0159en\u00ed patiny)<\/li>\n<li>z\u00e1hon nem\u00e1 dno, co\u017e umo\u017e\u0148uje p\u0159\u00edm\u00fd kontakt s p\u016fdou<\/li>\n<li>p\u0159i instalaci doporu\u010dujeme na dno z\u00e1honu polo\u017eit kr\u00e1li\u010d\u00ed pletivo (ochrana proti hlodavc\u016fm a krtk\u016fm) a na vnit\u0159n\u00ed st\u011bny upevnit nopovou f\u00f3lii, kter\u00e1 prodlou\u017e\u00ed \u017eivotnost a zlep\u0161\u00ed mikroklima z\u00e1honu<\/li>\n<li>del\u0161\u00ed strany z\u00e1honu jsou vyztu\u017eeny svislou konzol\u00ed, kter\u00e1 z\u00e1rove\u0148 slou\u017e\u00ed i jako kotv\u00edc\u00ed prvek<\/li>\n<\/ul>\n<hr data-start=\"784\" data-end=\"787\" \/>\n<h3 data-section-id=\"1x5n2t\" data-start=\"789\" data-end=\"804\">\ud83d\udcd0 Pou\u017eit\u00ed:<\/h3>\n<ul data-start=\"805\" data-end=\"902\">\n<li data-section-id=\"conms2\" data-start=\"805\" data-end=\"831\">zahrady a rodinn\u00e9 domy<\/li>\n<li data-section-id=\"13fxdcs\" data-start=\"832\" data-end=\"849\">ve\u0159ejn\u00e1 zele\u0148<\/li>\n<li data-section-id=\"ubrouv\" data-start=\"850\" data-end=\"868\">terasy a dvory<\/li>\n<li data-section-id=\"198csna\" data-start=\"869\" data-end=\"902\">bylinkov\u00e9 a zeleninov\u00e9 z\u00e1hony<\/li>\n<\/ul>\n<p data-start=\"904\" data-end=\"965\">Z\u00e1hon lze vyrobit na m\u00edru dle po\u017eadovan\u00fdch rozm\u011br\u016f a designu- jsme v\u00fdrobci.<\/p>\n<p data-start=\"864\" data-end=\"1027\"><img decoding=\"async\" class=\"emoji\" role=\"img\" draggable=\"false\" src=\"https:\/\/s.w.org\/images\/core\/emoji\/17.0.2\/svg\/1f4e7.svg\" alt=\"\ud83d\udce7\" \/>\u00a0<strong data-start=\"867\" data-end=\"915\">Pot\u0159ebujete jin\u00fd rozm\u011br nebo tvar?<\/strong><br data-start=\"915\" data-end=\"918\" \/>Kontaktujte n\u00e1s na\u00a0<strong data-start=\"937\" data-end=\"977\"><a class=\"decorated-link cursor-pointer\" rel=\"noopener\" data-start=\"939\" data-end=\"975\">zamecnictvifiala@zamecnictvifiala.cz<\/a><\/strong><br data-start=\"977\" data-end=\"980\" \/>\u2014 vyrob\u00edme z\u00e1hon p\u0159esn\u011b podle va\u0161ich po\u017eadavk\u016f.<\/p>\n<p data-start=\"1029\" data-end=\"1085\"><img decoding=\"async\" class=\"emoji\" role=\"img\" draggable=\"false\" src=\"https:\/\/s.w.org\/images\/core\/emoji\/17.0.2\/svg\/1f4de.svg\" alt=\"\ud83d\udcde\" \/>\u00a0<strong data-start=\"1032\" data-end=\"1066\">Technick\u00e9 dotazy a konzultace:<\/strong>\u00a0+420 604 881 251<\/p>\n","protected":false},"excerpt":{"rendered":"<p>\ud83c\udf3f Vyv\u00fd\u0161en\u00fd z\u00e1hon z cortenu Modern\u00ed vyv\u00fd\u0161en\u00fd z\u00e1hon z cortenov\u00e9 oceli je ide\u00e1ln\u00edm \u0159e\u0161en\u00edm pro p\u011bstov\u00e1n\u00ed rostlin, bylinek i zeleniny. D\u00edky charakteristick\u00e9mu rezav\u00e9mu vzhledu cortenu p\u016fsob\u00ed elegantn\u011b a p\u0159irozen\u011b zapadne do ka\u017ed\u00e9 zahrady. Cortenov\u00e1 ocel vytv\u00e1\u0159\u00ed na povrchu ochrannou patinu, kter\u00e1 zaji\u0161\u0165uje vysokou odolnost proti pov\u011btrnostn\u00edm vliv\u016fm a minim\u00e1ln\u00ed n\u00e1roky na \u00fadr\u017ebu. \ud83d\udee0 Materi\u00e1l a [&hellip;]<\/p>\n","protected":false},"featured_media":1193,"comment_status":"open","ping_status":"closed","template":"","meta":[],"product_brand":[],"product_cat":[52],"product_tag":[],"class_list":{"0":"post-1192","1":"product","2":"type-product","3":"status-publish","4":"has-post-thumbnail","6":"product_cat-zahrada","8":"first","9":"onbackorder","10":"taxable","11":"shipping-taxable","12":"purchasable","13":"product-type-simple"},"jetpack_sharing_enabled":true,"_links":{"self":[{"href":"https:\/\/zamecnictvifiala.cz\/eshop\/wp-json\/wp\/v2\/product\/1192","targetHints":{"allow":["GET"]}}],"collection":[{"href":"https:\/\/zamecnictvifiala.cz\/eshop\/wp-json\/wp\/v2\/product"}],"about":[{"href":"https:\/\/zamecnictvifiala.cz\/eshop\/wp-json\/wp\/v2\/types\/product"}],"replies":[{"embeddable":true,"href":"https:\/\/zamecnictvifiala.cz\/eshop\/wp-json\/wp\/v2\/comments?post=1192"}],"wp:featuredmedia":[{"embeddable":true,"href":"https:\/\/zamecnictvifiala.cz\/eshop\/wp-json\/wp\/v2\/media\/1193"}],"wp:attachment":[{"href":"https:\/\/zamecnictvifiala.cz\/eshop\/wp-json\/wp\/v2\/media?parent=1192"}],"wp:term":[{"taxonomy":"product_brand","embeddable":true,"href":"https:\/\/zamecnictvifiala.cz\/eshop\/wp-json\/wp\/v2\/product_brand?post=1192"},{"taxonomy":"product_cat","embeddable":true,"href":"https:\/\/zamecnictvifiala.cz\/eshop\/wp-json\/wp\/v2\/product_cat?post=1192"},{"taxonomy":"product_tag","embeddable":true,"href":"https:\/\/zamecnictvifiala.cz\/eshop\/wp-json\/wp\/v2\/product_tag?post=1192"}],"curies":[{"name":"wp","href":"https:\/\/api.w.org\/{rel}","templated":true}]}}