{"id":916,"date":"2025-12-09T14:33:49","date_gmt":"2025-12-09T14:33:49","guid":{"rendered":"https:\/\/zamecnictvifiala.cz\/eshop\/?post_type=product&#038;p=916"},"modified":"2026-01-05T10:07:12","modified_gmt":"2026-01-05T10:07:12","slug":"kovany-pant","status":"publish","type":"product","link":"https:\/\/zamecnictvifiala.cz\/eshop\/produkt\/kovany-pant\/","title":{"rendered":"Kovan\u00fd pant"},"content":{"rendered":"<h3 data-start=\"96\" data-end=\"148\"><strong data-start=\"100\" data-end=\"148\">Kovan\u00fd pant \u2013 ru\u010dn\u011b vyr\u00e1b\u011bn\u00fd, pevn\u00fd a odoln\u00fd<\/strong><\/h3>\n<p data-start=\"150\" data-end=\"330\"><strong data-start=\"150\" data-end=\"163\">Materi\u00e1l:<\/strong> kvalitn\u00ed ocel, ru\u010dn\u00ed kov\u00e1n\u00ed<br data-start=\"191\" data-end=\"194\" \/><strong data-start=\"194\" data-end=\"215\">Povrchov\u00e1 \u00faprava:<\/strong> bezbrav\u00fd lak \/ \u017e\u00e1rov\u00fd zinek<br data-start=\"255\" data-end=\"258\" \/><strong data-start=\"258\" data-end=\"270\">Pou\u017eit\u00ed:<\/strong> branky, dve\u0159e, dv\u00ed\u0159ka, stylov\u00e9 zahradn\u00ed i interi\u00e9rov\u00e9 prvky<\/p>\n<p data-start=\"150\" data-end=\"330\"><strong>Balen\u00ed obsahuje 1ks pantu.<\/strong><\/p>\n<p data-start=\"150\" data-end=\"330\"><strong>V\u00fdroba do 3 t\u00fddn\u016f.<\/strong><\/p>\n<p data-start=\"332\" data-end=\"537\">\ud83d\udd27 <strong data-start=\"335\" data-end=\"380\">Robustn\u00ed konstrukce pro dlouhou \u017eivotnost<\/strong><br data-start=\"380\" data-end=\"383\" \/>Ka\u017ed\u00fd pant je vyr\u00e1b\u011bn s d\u016frazem na detail a pevnost. D\u00edky ru\u010dn\u00edmu kov\u00e1n\u00ed z\u00edsk\u00e1v\u00e1 jedine\u010dn\u00fd vzhled a z\u00e1rove\u0148 vysokou funk\u010dnost i p\u0159i ka\u017edodenn\u00edm pou\u017e\u00edv\u00e1n\u00ed.<\/p>\n<p data-start=\"539\" data-end=\"643\">\ud83d\udccf <strong data-start=\"542\" data-end=\"554\">Rozm\u011bry:<\/strong><br data-start=\"554\" data-end=\"557\" \/>D\u00e9lka pantu: \u0161\u00ed\u0159ka 400 mm, v\u00fd\u0161ka 250 mm<\/p>\n<p data-start=\"645\" data-end=\"774\">\ud83d\udca1 <strong data-start=\"648\" data-end=\"664\">Ide\u00e1ln\u00ed pro:<\/strong> d\u0159ev\u011bn\u00e9 i kovov\u00e9 branky, vr\u00e1tka, men\u0161\u00ed i v\u011bt\u0161\u00ed dve\u0159e, dekorativn\u00ed prvky ve stylu rustik, vintage nebo kovan\u00e9.<\/p>\n<hr data-start=\"810\" data-end=\"813\" \/>\n<h3 data-start=\"815\" data-end=\"841\"><strong data-start=\"819\" data-end=\"841\">Kl\u00ed\u010dov\u00e9 p\u0159ednosti:<\/strong><\/h3>\n<p data-start=\"843\" data-end=\"1070\">\ud83d\udcaa <strong data-start=\"846\" data-end=\"886\">Ru\u010dn\u011b kovan\u00fd \u2013 ka\u017ed\u00fd kus je origin\u00e1l<\/strong><br data-start=\"886\" data-end=\"889\" \/>\ud83d\udd25 <strong data-start=\"892\" data-end=\"948\">Vysok\u00e1 pevnost a odolnost i ve venkovn\u00edch podm\u00ednk\u00e1ch<\/strong><br data-start=\"948\" data-end=\"951\" \/>\ud83d\udd29 <strong data-start=\"954\" data-end=\"1006\">Mo\u017enost v\u00fdroby na m\u00edru (rozm\u011br, \u010dep, povrchovka)<\/strong><br data-start=\"1006\" data-end=\"1009\" \/>\u23f3 <strong data-start=\"1011\" data-end=\"1070\">Dlouh\u00e1 \u017eivotnost d\u00edky kvalitn\u00ed oceli a povrchov\u00e9 \u00faprav\u011b<\/strong><\/p>\n<hr data-start=\"1072\" data-end=\"1075\" \/>\n<h3 data-start=\"1077\" data-end=\"1110\"><strong data-start=\"1081\" data-end=\"1110\">M\u00e1te speci\u00e1ln\u00ed po\u017eadavky?<\/strong><\/h3>\n<p data-start=\"1112\" data-end=\"1212\">\ud83d\udce7 Napi\u0161te na <strong data-start=\"1126\" data-end=\"1166\"><a class=\"decorated-link cursor-pointer\" rel=\"noopener\" data-start=\"1128\" data-end=\"1164\">zamecnictvifiala@zamecnictvifiala.cz<\/a><\/strong> \u2013 vyrob\u00edme pant p\u0159esn\u011b podle va\u0161ich p\u0159edstav.<\/p>\n<p data-start=\"1214\" data-end=\"1297\">\ud83d\udcde Pot\u0159ebujete poradit s v\u00fdb\u011brem nebo rozm\u011bry?<br data-start=\"1260\" data-end=\"1263\" \/>Zavolejte na <strong data-start=\"1276\" data-end=\"1296\">+420 604 881 251<\/strong>.<\/p>\n","protected":false},"excerpt":{"rendered":"<p>Kovan\u00fd pant \u2013 ru\u010dn\u011b vyr\u00e1b\u011bn\u00fd, pevn\u00fd a odoln\u00fd Materi\u00e1l: kvalitn\u00ed ocel, ru\u010dn\u00ed kov\u00e1n\u00edPovrchov\u00e1 \u00faprava: bezbrav\u00fd lak \/ \u017e\u00e1rov\u00fd zinekPou\u017eit\u00ed: branky, dve\u0159e, dv\u00ed\u0159ka, stylov\u00e9 zahradn\u00ed i interi\u00e9rov\u00e9 prvky Balen\u00ed obsahuje 1ks pantu. V\u00fdroba do 3 t\u00fddn\u016f. \ud83d\udd27 Robustn\u00ed konstrukce pro dlouhou \u017eivotnostKa\u017ed\u00fd pant je vyr\u00e1b\u011bn s d\u016frazem na detail a pevnost. D\u00edky ru\u010dn\u00edmu kov\u00e1n\u00ed z\u00edsk\u00e1v\u00e1 jedine\u010dn\u00fd [&hellip;]<\/p>\n","protected":false},"featured_media":917,"comment_status":"open","ping_status":"closed","template":"","meta":[],"product_brand":[],"product_cat":[42],"product_tag":[],"class_list":{"0":"post-916","1":"product","2":"type-product","3":"status-publish","4":"has-post-thumbnail","6":"product_cat-kovany-sortiment","8":"first","9":"onbackorder","10":"taxable","11":"shipping-taxable","12":"purchasable","13":"product-type-simple"},"jetpack_sharing_enabled":true,"_links":{"self":[{"href":"https:\/\/zamecnictvifiala.cz\/eshop\/wp-json\/wp\/v2\/product\/916","targetHints":{"allow":["GET"]}}],"collection":[{"href":"https:\/\/zamecnictvifiala.cz\/eshop\/wp-json\/wp\/v2\/product"}],"about":[{"href":"https:\/\/zamecnictvifiala.cz\/eshop\/wp-json\/wp\/v2\/types\/product"}],"replies":[{"embeddable":true,"href":"https:\/\/zamecnictvifiala.cz\/eshop\/wp-json\/wp\/v2\/comments?post=916"}],"wp:featuredmedia":[{"embeddable":true,"href":"https:\/\/zamecnictvifiala.cz\/eshop\/wp-json\/wp\/v2\/media\/917"}],"wp:attachment":[{"href":"https:\/\/zamecnictvifiala.cz\/eshop\/wp-json\/wp\/v2\/media?parent=916"}],"wp:term":[{"taxonomy":"product_brand","embeddable":true,"href":"https:\/\/zamecnictvifiala.cz\/eshop\/wp-json\/wp\/v2\/product_brand?post=916"},{"taxonomy":"product_cat","embeddable":true,"href":"https:\/\/zamecnictvifiala.cz\/eshop\/wp-json\/wp\/v2\/product_cat?post=916"},{"taxonomy":"product_tag","embeddable":true,"href":"https:\/\/zamecnictvifiala.cz\/eshop\/wp-json\/wp\/v2\/product_tag?post=916"}],"curies":[{"name":"wp","href":"https:\/\/api.w.org\/{rel}","templated":true}]}}